{"id":347,"date":"2017-11-27T12:26:14","date_gmt":"2017-11-27T11:26:14","guid":{"rendered":"http:\/\/gymnasium-bad-freienwalde.de\/1neuhp\/?page_id=347"},"modified":"2019-09-13T08:32:10","modified_gmt":"2019-09-13T06:32:10","slug":"foerderverein-der-schule","status":"publish","type":"page","link":"https:\/\/gymnasium-bad-freienwalde.de\/1neuhp\/unsere-schule\/foerderverein-der-schule\/","title":{"rendered":"Unser F\u00f6rderverein &#8220; Freunde des Brecht-Gymnasiums&#8220; e.V."},"content":{"rendered":"<p style=\"text-align: center;\"><img loading=\"lazy\" decoding=\"async\" class=\"wp-image-7314 alignright\" src=\"https:\/\/gymnasium-bad-freienwalde.de\/1neuhp\/wp-content\/uploads\/2019\/09\/logo-300x134.jpg\" alt=\"\" width=\"228\" height=\"102\" srcset=\"https:\/\/gymnasium-bad-freienwalde.de\/1neuhp\/wp-content\/uploads\/2019\/09\/logo-300x134.jpg 300w, https:\/\/gymnasium-bad-freienwalde.de\/1neuhp\/wp-content\/uploads\/2019\/09\/logo.jpg 431w\" sizes=\"auto, (max-width: 228px) 100vw, 228px\" \/><\/p>\n<p><span style=\"color: #000000;\">Wir m\u00fcssen erkennen, dass es die gesellschaftliche Situation und die finanzielle Ausstattung des Bildungssektors immer st\u00e4rker erforderlich machen,&nbsp;dass sich Schule und Schulleitung auf einen gut aufgestellten und&nbsp;funktionierenden F\u00f6rderverein verlassen k\u00f6nnen. Wir unterst\u00fctzen, organisieren, helfen, motivieren die Schulleitung und die Sch\u00fclerInnen. Wir honorieren gute schulische und au\u00dferschulische Leistungen und soziales Engagement der Sch\u00fclerInnen.<br \/>\n<\/span><\/p>\n<p>Wenn dies f\u00fcr Sie interessant ist, lesen Sie bitte weiter und entscheiden Sie sich&nbsp;eventuell daf\u00fcr,&nbsp;Mitglied zu werden.<\/p>\n<p><span style=\"color: #003366; font-size: 18pt;\"><strong>Zweck des <span style=\"color: #003366;\">F\u00f6rdervereins<\/span><br \/>\n<\/strong><\/span><\/p>\n<ul>\n<li><span style=\"color: #000000;\">Unterst\u00fctzung der Schule in&nbsp; ihrem Lehr- und Lernauftrag <\/span><\/li>\n<li><span style=\"color: #000000;\">Unterst\u00fctzung der \u00d6ffentlichkeitsarbeit der Schulgremien <\/span><\/li>\n<li><span style=\"color: #000000;\">Vergabe von Forschungsauftr\u00e4gen<\/span><\/li>\n<li><span style=\"color: #000000;\">Unterst\u00fctzung bei der Vorbereitung und Durchf\u00fchrung von geistig-kulturellen Veranstaltungen<\/span><\/li>\n<li><span style=\"color: #000000;\">Unterst\u00fctzung von Sch\u00fclerfahrten und Exkursionen <\/span><span style=\"color: #000000;\">Anerkennung von&nbsp; besonderen Leistungen<br \/>\n<\/span><\/li>\n<\/ul>\n<p><span style=\"color: #003366; font-size: 18pt;\"><strong>V<span style=\"color: #003366;\">orstand seit 30.04.2014<\/span><\/strong>&nbsp;<\/span><\/p>\n<ul>\n<li><span style=\"color: #000000;\">Vorsitzender. Herrn Frank Huber, Am Kietz 3, 16259 Bad Freienwalde,<\/span><br \/>\n<span style=\"color: #000000;\">Tel. 03344 331304, E-Mail: huber-bad_freienwalde@-online.de<\/span><\/li>\n<li style=\"text-align: left;\"><span style=\"color: #000000;\">Stellvertreter: Herrn Rainer Sch\u00f6nberg, Am Scheunenberg 30, 16259 Bad Freienwalde,<\/span><br \/>\n<span style=\"color: #000000;\">Tel. 03344332292, E-Mail: rainer.schoenberg@freenet.de<\/span><\/li>\n<li style=\"text-align: left;\"><span style=\"color: #000000;\">Christian Wallmann<\/span><\/li>\n<li><span style=\"color: #000000;\">Frau Tornow<\/span><\/li>\n<li>Herr Zernicke<\/li>\n<\/ul>\n<p><strong><span style=\"color: #003366;\"><span style=\"font-size: 18pt;\">Anschrift<\/span><\/span><\/strong> <span style=\"text-decoration: underline;\"><strong><span style=\"color: #003366; text-decoration: underline;\"><br \/>\n<\/span><\/strong><\/span><\/p>\n<p><span style=\"color: #000000;\">Am Scheunenberg 1<br \/>\n<\/span><span style=\"color: #000000;\">16259 Bad Freienwalde (Oder)<br \/>\nTelefon: 03344 3806<br \/>\nFax: 03344 332212<\/span><\/p>\n<p><span style=\"color: #000000;\">Email:gymnasium-bad-freienwalde@t-online.de <\/span><\/p>\n<p><span style=\"color: #000000; font-size: 14pt;\">&nbsp;<span style=\"color: #003366; font-size: 18pt;\"><strong>Jahresbeitrag<\/strong><\/span><\/span><br \/>\n<span style=\"color: #000000;\">Erwerbst\u00e4tige 25 \u20ac<\/span><br \/>\n<span style=\"color: #000000;\">Rentner, Arbeitslose, Sozialhilfeempf\u00e4nger und Sch\u00fcler 8 \u20ac<\/span><span style=\"color: #000000;\"><br \/>\n<\/span><\/p>\n<hr>\n<p><span style=\"font-size: 16pt; color: #003366;\"><strong>&nbsp; Aktuell:<\/strong><\/span><\/p>\n<p><code><div class=\"post hentry ivycat-post\"><span class=\"pip-not-found\"><\/span><\/div><\/code><\/p>\n","protected":false},"excerpt":{"rendered":"<p>Wir m\u00fcssen erkennen, dass es die gesellschaftliche Situation und die finanzielle Ausstattung des Bildungssektors immer st\u00e4rker erforderlich machen,&nbsp;dass sich Schule und Schulleitung auf einen gut aufgestellten und&nbsp;funktionierenden F\u00f6rderverein verlassen k\u00f6nnen. Wir unterst\u00fctzen, organisieren, helfen, motivieren die Schulleitung und die Sch\u00fclerInnen. <a class=\"more-link\" href=\"https:\/\/gymnasium-bad-freienwalde.de\/1neuhp\/unsere-schule\/foerderverein-der-schule\/\">weiterlesen&#8230;<\/a><\/p>\n","protected":false},"author":4,"featured_media":0,"parent":829,"menu_order":0,"comment_status":"closed","ping_status":"closed","template":"","meta":{"ngg_post_thumbnail":0,"footnotes":""},"class_list":["post-347","page","type-page","status-publish","hentry","gallery-content-unit"],"_links":{"self":[{"href":"https:\/\/gymnasium-bad-freienwalde.de\/1neuhp\/wp-json\/wp\/v2\/pages\/347","targetHints":{"allow":["GET"]}}],"collection":[{"href":"https:\/\/gymnasium-bad-freienwalde.de\/1neuhp\/wp-json\/wp\/v2\/pages"}],"about":[{"href":"https:\/\/gymnasium-bad-freienwalde.de\/1neuhp\/wp-json\/wp\/v2\/types\/page"}],"author":[{"embeddable":true,"href":"https:\/\/gymnasium-bad-freienwalde.de\/1neuhp\/wp-json\/wp\/v2\/users\/4"}],"replies":[{"embeddable":true,"href":"https:\/\/gymnasium-bad-freienwalde.de\/1neuhp\/wp-json\/wp\/v2\/comments?post=347"}],"version-history":[{"count":23,"href":"https:\/\/gymnasium-bad-freienwalde.de\/1neuhp\/wp-json\/wp\/v2\/pages\/347\/revisions"}],"predecessor-version":[{"id":7317,"href":"https:\/\/gymnasium-bad-freienwalde.de\/1neuhp\/wp-json\/wp\/v2\/pages\/347\/revisions\/7317"}],"up":[{"embeddable":true,"href":"https:\/\/gymnasium-bad-freienwalde.de\/1neuhp\/wp-json\/wp\/v2\/pages\/829"}],"wp:attachment":[{"href":"https:\/\/gymnasium-bad-freienwalde.de\/1neuhp\/wp-json\/wp\/v2\/media?parent=347"}],"curies":[{"name":"wp","href":"https:\/\/api.w.org\/{rel}","templated":true}]}}